{"id":10114,"date":"2021-11-22T14:42:11","date_gmt":"2021-11-22T13:42:11","guid":{"rendered":"https:\/\/www.europacamp.it\/nei-dintorni\/"},"modified":"2022-06-10T12:51:58","modified_gmt":"2022-06-10T10:51:58","slug":"a-proximite","status":"publish","type":"page","link":"https:\/\/www.europacamp.it\/fr\/a-proximite\/","title":{"rendered":"Aux alentours"},"content":{"rendered":"\t\t<div data-elementor-type=\"wp-page\" data-elementor-id=\"10114\" class=\"elementor elementor-10114 elementor-8251\">\n\t\t\t\t\t\t\t\t\t<section class=\"elementor-section elementor-top-section elementor-element elementor-element-e566c9d elementor-section-full_width qodef-elementor-content-grid elementor-section-height-default elementor-section-height-default\" data-id=\"e566c9d\" data-element_type=\"section\">\n\t\t\t\t\t\t<div class=\"elementor-container elementor-column-gap-default\">\n\t\t\t\t\t<div class=\"elementor-column elementor-col-100 elementor-top-column elementor-element elementor-element-09f075c\" data-id=\"09f075c\" data-element_type=\"column\">\n\t\t\t<div class=\"elementor-widget-wrap elementor-element-populated\">\n\t\t\t\t\t\t\t\t<div class=\"elementor-element elementor-element-376887b elementor-widget elementor-widget-kamperen_core_section_title\" data-id=\"376887b\" data-element_type=\"widget\" data-widget_type=\"kamperen_core_section_title.default\">\n\t\t\t\t<div class=\"elementor-widget-container\">\n\t\t\t<div class=\"qodef-shortcode qodef-m  qodef-section-title qodef-alignment--center \">\n\t\t<div class=\"qodef-m-tagline-mark\" >\n\t\tAux alentours\t<\/div>\n\t\t<h1 class=\"qodef-m-title\" >\n\t\t\t\t\tActivit\u00e9s \u00e0 pied, \u00e0 la mer et \u00e0 v\u00e9lo en Toscane\t\t\t<\/h1>\n\t<\/div>\n\t\t<\/div>\n\t\t\t\t<\/div>\n\t\t\t\t\t<\/div>\n\t\t<\/div>\n\t\t\t\t\t\t\t<\/div>\n\t\t<\/section>\n\t\t\t\t<section class=\"elementor-section elementor-top-section elementor-element elementor-element-9493bb9 elementor-section-full_width qodef-elementor-content-grid elementor-section-content-bottom elementor-section-height-default elementor-section-height-default\" data-id=\"9493bb9\" data-element_type=\"section\">\n\t\t\t\t\t\t<div class=\"elementor-container elementor-column-gap-default\">\n\t\t\t\t\t<div class=\"elementor-column elementor-col-100 elementor-top-column elementor-element elementor-element-f866230\" data-id=\"f866230\" data-element_type=\"column\">\n\t\t\t<div class=\"elementor-widget-wrap elementor-element-populated\">\n\t\t\t\t\t\t\t\t<div class=\"elementor-element elementor-element-c312755 elementor-widget elementor-widget-kamperen_core_icon_with_text\" data-id=\"c312755\" data-element_type=\"widget\" data-widget_type=\"kamperen_core_icon_with_text.default\">\n\t\t\t\t<div class=\"elementor-widget-container\">\n\t\t\t<div class=\"qodef-shortcode qodef-m  qodef-icon-with-text qodef-layout--before-title qodef--custom-svg \">\n\t<div class=\"qodef-m-content\">\n\t\t\t<div class=\"qodef-m-svg\">\n\t\t<svg xmlns=\"http:\/\/www.w3.org\/2000\/svg\" width=\"109.128\" height=\"68.755\" viewBox=\"0 0 109.128 68.755\">\n  <path id=\"activity_bear\" d=\"M265.462,171.674a34.31,34.31,0,0,0-8.693.051c-2.13.2-3.524.579-4.858-.2a7.859,7.859,0,0,0-7.982.118,5.042,5.042,0,0,1-2.365.511l-3.615.17-1.322-1.953c-.123-.2-1.124-.477-1.217-.335l-.832,2.239-2.315.438a1.42,1.42,0,0,0-.928.947l-.093.387c-.1.43-.538.636-.922.775l-3.214,1.059a.993.993,0,0,0-.623,1.061l.516,2.412c.087.336.241.437.629.64l3.36,1.178,1.735.931,5.5.779s4.858,2.33,5.36,4.341c.452,1.812-.894,8.919-1.163,10.3a.405.405,0,0,1-.308.3l-1.281.181c-.9.239-1.054,2.371-.394,2.371l4.18,0a1.683,1.683,0,0,0,1.832-1.331l2.587-9.01.911.111,3.938,6.965a.494.494,0,0,1-.164.591l-1.541.551c-.749.392-.371,1.992.205,2.126l4.823-.013c.688-.177,1.055-.562.973-1.243l-1.515-8.395,6.922.731c2.121,2.073,6.243,4.112,10.516,5.065.613.135,2.1.521,1.854,1.377l-.333,1.166c-.226,1.685,1.644,1.321,2.738,1.322,0,0,2.715-3.82,2.413-5.228s-2.213-1.006-2.513-3.821a19.741,19.741,0,0,1,.491-4.809c.239-1.268,1.593-.683,1.628-1.773.049-1.571-1.061-3.653-2.533-6.017a18.9,18.9,0,0,0-12.391-7.077Zm6.693,24.376-1.012,3.087a1.964,1.964,0,0,1-1.555,1.148l-5.478.017c-.555,0-.738-1.866.13-2.176a11.28,11.28,0,0,1,1.694-.394c.434-.072.376-.561.311-.722-.8-1.584-3.212-4.1-3.5-5.616m-29.924-16.785,1.634-.154m8.558,18.6-14.944,1.87-2.362,5.178-5.631,2.614-1.207,5.68-6.887,2.817-1.961,2.4m36.449-9.96-6.736.05-10.054,3.734-2.471,4.767-9.376,2.675m-1.009-16.436c-9.284,1.381-46.518,5.937-35.227,21.515,3.623,5,9.97,9.564,14.847,13.163m11.343-16.847c1.539,2.581,11.792,4.671,14.811,5.256a371.983,371.983,0,0,1,44.7,11.086,114.509,114.509,0,0,1,12,4.494m-8.1-29.683-24.92,2.785-5.725,3.733,3.056,4.769-6.275,2.675M199.085,198.48c-10.376,1.591-32.159,5.917-24.318,19.9m29.184-26.129v3.491m-8.018-5.913a14.283,14.283,0,0,0,8.018-5.588,14.278,14.278,0,0,0,8.019,5.588m-14.747-5.5a11.9,11.9,0,0,0,6.728-4.638,11.9,11.9,0,0,0,6.729,4.638m-12.559-5.088a10.784,10.784,0,0,0,5.83-4.3,10.787,10.787,0,0,0,5.83,4.3m-14.76,15.722c3.672-1.181,6.705-2.93,8.93-6.224,2.226,3.294,5.258,5.043,8.931,6.224m-31.176-7.083a8.872,8.872,0,0,0,4.8-3.542,8.876,8.876,0,0,0,4.8,3.542m-10.336,4.187c2.277-.732,4.158-1.465,5.538-3.508,1.38,2.043,3.261,2.776,5.538,3.508M179.9,196.6c2.714-.872,4.955-1.857,6.6-4.292,1.645,2.435,3.886,3.42,6.6,4.292m-6.6-.956V197.9\" transform=\"translate(-172.386 -169.299)\" fill=\"none\" stroke=\"#446851\" stroke-linecap=\"round\" stroke-linejoin=\"round\" stroke-miterlimit=\"22.926\" stroke-width=\"1.417\" fill-rule=\"evenodd\"\/>\n<\/svg>\n\t\t\t<\/div>\n\t\t\t<h5 class=\"qodef-m-title\" >\n\t\t\t\t\t<span class=\"qodef-m-title-inner\">\n\t\t\t\t<span class=\"qodef-m-title-text\">\n\t\t\t\t\tNature\t\t\t\t<\/span>\n\t\t\t<\/span>\n\t\t\t<\/h5>\n\t\t\t<\/div>\n<\/div>\n\t\t<\/div>\n\t\t\t\t<\/div>\n\t\t\t\t<div class=\"elementor-element elementor-element-93a0787 elementor-widget elementor-widget-text-editor\" data-id=\"93a0787\" data-element_type=\"widget\" data-widget_type=\"text-editor.default\">\n\t\t\t\t<div class=\"elementor-widget-container\">\n\t\t\t<style>\/*! elementor - v3.6.6 - 08-06-2022 *\/\n.elementor-widget-text-editor.elementor-drop-cap-view-stacked .elementor-drop-cap{background-color:#818a91;color:#fff}.elementor-widget-text-editor.elementor-drop-cap-view-framed .elementor-drop-cap{color:#818a91;border:3px solid;background-color:transparent}.elementor-widget-text-editor:not(.elementor-drop-cap-view-default) .elementor-drop-cap{margin-top:8px}.elementor-widget-text-editor:not(.elementor-drop-cap-view-default) .elementor-drop-cap-letter{width:1em;height:1em}.elementor-widget-text-editor .elementor-drop-cap{float:left;text-align:center;line-height:1;font-size:50px}.elementor-widget-text-editor .elementor-drop-cap-letter{display:inline-block}<\/style>\t\t\t\t<p><strong>Lac<\/strong><br \/>Le Lac de Massaciuccoli fait partie du parc naturel de Migliarino-San Rossore-Massaciuccoli. Un chemin sur pilotis pour le birdwatching, mais aussi la possibilit\u00e9 de d\u00e9couvrir le lac en bateau ou en kayak.<br \/>Il ya aussi un centre pour le visiteurs, qui abrite un petit mus\u00e9e d\u2019histoire naturelle.<\/p><p><strong>Montagne<\/strong><br \/>Quelques kilom\u00e8tres derri\u00e8re la c\u00f4te de la Versilia s\u2019\u00e9levent les Alpes Apuanes avec sommets jusqu\u2019 \u00e0 2000metres (Monte Pisanino 1947m). Connues pour le marble blanc, les falaises, les grottes dans le sous-sols. Il ya la possibilit\u00e9 de visiter ces grottes avec une guide de sp\u00e9l\u00e9ologie.<\/p>\t\t\t\t\t\t<\/div>\n\t\t\t\t<\/div>\n\t\t\t\t<div class=\"elementor-element elementor-element-8e7c634 elementor-widget elementor-widget-kamperen_core_icon_with_text\" data-id=\"8e7c634\" data-element_type=\"widget\" data-widget_type=\"kamperen_core_icon_with_text.default\">\n\t\t\t\t<div class=\"elementor-widget-container\">\n\t\t\t<div class=\"qodef-shortcode qodef-m  qodef-icon-with-text qodef-layout--before-title qodef--custom-svg \">\n\t<div class=\"qodef-m-content\">\n\t\t\t<div class=\"qodef-m-svg\">\n\t\t<svg xmlns=\"http:\/\/www.w3.org\/2000\/svg\" width=\"116.486\" height=\"87.133\" viewBox=\"0 0 116.486 87.133\">\n  <path id=\"activity_canoe\" d=\"M398.749,99.263q2.282-.424,4.634-.846c41.71-7.481,18.879-17.6,1.573-22.84-8.313-2.515-17.219-4.321-25.693-6.344L374.8,63.514l-5.537-1.25L364.078,54.4l-6.252-1.428-4.108-3.4-5.54-.893-5.565-3.361m77.182,79.749c1.886-3.867,9.623-10.833,9.623-10.833s22.269-14.509,22.955-22.383c.745-6.979-12.987-11.768-34.06-17.883-2.845-.826-5.575-1.523-8.256-2.094h44.969M366.57,106.089c-10.683,2.578-19.453,5.047-26.436,7.21m49.18-2.586.442-8.765,6.177-5.369a2.892,2.892,0,0,0,.944-1.347l1.568-6.846c.777-2.494-3.808-2.986-4.35,0L392.455,93.5a2.47,2.47,0,0,1-1.19,1.25,32.021,32.021,0,0,1-18.339,3.084,2.225,2.225,0,0,1-1.66-.978l-2.581-4.411c-.836-1.891-4.813-1.116-4.415.953l2.911,6.837a3.014,3.014,0,0,0,1.157,1.228l6.583,2.372.523,6.725m.671-21.563c.01-2.29,1.94-3.611,4.207-3.816s4.4.747,4.823,3a12.4,12.4,0,0,1-.286,5.119,4.894,4.894,0,0,1-2.854,2.4,3.728,3.728,0,0,1-1.448.13,4.887,4.887,0,0,1-3.238-1.85,12.414,12.414,0,0,1-1.2-4.985Zm-18.571,5.441,2.113-.359,4.543-.772m4.594-.779,7.592-1.287m9-1.527,8.694-1.475m4.447-.755,4.252-.722,2.176-.369m-44.216,5.674a1.686,1.686,0,0,0-1.386-.518l-8.886.83c-3.139.328-2.263,6.726.9,6.087l8.749-1.769a2.1,2.1,0,0,0,1.494-2.277l-.163-.941m39.132-6.812.194,1.11a2.032,2.032,0,0,0,2.023,1.563l8.886-.83c3.139-.328,2.264-6.726-.9-6.087l-8.748,1.769a1.658,1.658,0,0,0-1.09.749m-7.72,44.287c-1.642,2.066-5.833,2.065-7.474,0-1.642,2.066-5.834,2.065-7.476,0-1.642,2.066-5.831,2.065-7.473,0m29.9-4.673c-1.639,2.064-5.831,2.062-7.473,0-1.642,2.064-5.833,2.062-7.474,0-1.642,2.064-5.834,2.062-7.476,0-1.642,2.064-5.831,2.062-7.473,0-1.643,2.064-5.834,2.062-7.476,0m18.686-12.988V122.7m8.871,0a24.208,24.208,0,0,0,4.032-9.638l-12.9-1.492-12.9,1.492a24.217,24.217,0,0,0,4.031,9.638m35.136-76.529h5.745m.519,4.176h17.679m-31.2,4.724H422.7m-18.386,4.14a7.758,7.758,0,1,1,1.876-5.06m-26.057.92h10.9m-4.673-5.486h5.744\" transform=\"translate(-339.247 -44.353)\" fill=\"none\" stroke=\"#446851\" stroke-linecap=\"round\" stroke-linejoin=\"round\" stroke-miterlimit=\"22.926\" stroke-width=\"1.417\" fill-rule=\"evenodd\"\/>\n<\/svg>\n\t\t\t<\/div>\n\t\t\t<h5 class=\"qodef-m-title\" >\n\t\t\t\t\t<span class=\"qodef-m-title-inner\">\n\t\t\t\t<span class=\"qodef-m-title-text\">\n\t\t\t\t\tPlage\t\t\t\t<\/span>\n\t\t\t<\/span>\n\t\t\t<\/h5>\n\t\t\t<\/div>\n<\/div>\n\t\t<\/div>\n\t\t\t\t<\/div>\n\t\t\t\t<div class=\"elementor-element elementor-element-df283d2 elementor-widget elementor-widget-text-editor\" data-id=\"df283d2\" data-element_type=\"widget\" data-widget_type=\"text-editor.default\">\n\t\t\t\t<div class=\"elementor-widget-container\">\n\t\t\t\t\t\t\t<p>Une grande plage de sable, dunes naturelles, pin\u00e8des luxuriantes, eau cristalline. Torre del Lago offre une grande plage publique et tr\u00e8s c\u00e9l\u00e8bre: La Lecciona, situ\u00e9e \u00e0 proximit\u00e9 du camping. Mais si vous pr\u00e9ferez plus de confort vous pouvez louer un parasol et une chaise longue dans les \u00e9tablissement baln\u00e9aires conventionn\u00e9s.<\/p>\t\t\t\t\t\t<\/div>\n\t\t\t\t<\/div>\n\t\t\t\t<div class=\"elementor-element elementor-element-5b7313f elementor-widget elementor-widget-kamperen_core_icon_with_text\" data-id=\"5b7313f\" data-element_type=\"widget\" data-widget_type=\"kamperen_core_icon_with_text.default\">\n\t\t\t\t<div class=\"elementor-widget-container\">\n\t\t\t<div class=\"qodef-shortcode qodef-m  qodef-icon-with-text qodef-layout--before-title qodef--custom-svg \">\n\t<div class=\"qodef-m-content\">\n\t\t\t<div class=\"qodef-m-svg\">\n\t\t<svg xmlns=\"http:\/\/www.w3.org\/2000\/svg\" width=\"124.759\" height=\"74.434\" viewBox=\"0 0 124.759 74.434\">\n  <path id=\"activity_hike\" d=\"M96.991,334.739l4.121-4.023,1.89-3.478,2.914-2.89,11.9,2.089m0,0,3.254,4.205m0,0,1.14,1.476,8.054,3.869,8.3,7.762,5.9,2.287,2.068,3.094m-44.341-20.4-4.673.626-6.25-2.157-5.388.333-1.473,2.387-2.023.878m0,0-2.755,1.224m0,0-1.665.732-4.812,4.758M37.883,305.655l-2.835.759a4.408,4.408,0,0,0-1.76,2.6l.519,16.307a2.352,2.352,0,0,0,.947,2.113l4.554.414m29.672-12.975L65.99,347.854m4.085-45.05-.528,5.827M127.868,357.8l-14.637-12.555-8.627-2.687-3.712-4.276-8.517-1.791-3.768-.01-4.749,3.79-6.225,1.244-5.352,6.318-10.135.178-3.5,4.5-18.567-.336-2.108,4.738-10.32-.083-3.93,6.577m20.709-56.9s9.348.737,10.8,1.8l4.617,4.831L67.3,309.4l.653-.8,2.828-.214.809.858-.483,4.478L59.31,319.908l-.922-.428L55,316.28l-.677.382-1.721,7.717.426,1.2,7.861,1.907a3.359,3.359,0,0,1,2.154,3.7l-3.88,19.382c-.883,2.541-6.536,1.833-6.016.042a107.779,107.779,0,0,1,2.275-15.9,41.184,41.184,0,0,1-7.068-1.4l-1.092.483-8.754,21.563c-1.41,2.216-7.011,1.848-6.4-.205l4.775-15.691,3.369-14.6-.105-11.012L36.595,301a1.93,1.93,0,0,1,.923-2.2c3.026-1.508,10.3-5.013,14.025-5.762,4.772-.962,4.5-.305,4.972.8s-.559,1.224-2.162,1.93a83.6,83.6,0,0,0-11.593,6.477l-.031.519,1.707,3.731Zm.706-5.626a6.318,6.318,0,0,0,4.484,2.831c2.4.245,4.441-.69,5.172-3.154a19.119,19.119,0,0,0,.456-5.807m-.91-2.144c-.058-.318-.814-.862-.982-.962-2.99-1.778-8.974-1.2-9.286,3.039-.012.178-.018.387-.015.619m84.807,4.963h-6.532M135.95,306.5H123.96m-15.5,4.707a8.819,8.819,0,1,0-2.135-5.753M112.2,306.5H94.216m2.608-5.371H83.387m20.56-4.748H97.415m-52.965,10.3c1.881,1.945.928,14.01-4.194,18.182m13.778-16.9c1.032.977,1.21,4.74.317,8.571\" transform=\"translate(-22.755 -289.944)\" fill=\"none\" stroke=\"#446851\" stroke-linecap=\"round\" stroke-linejoin=\"round\" stroke-miterlimit=\"22.926\" stroke-width=\"1.417\" fill-rule=\"evenodd\"\/>\n<\/svg>\n\t\t\t<\/div>\n\t\t\t<h5 class=\"qodef-m-title\" >\n\t\t\t\t\t<span class=\"qodef-m-title-inner\">\n\t\t\t\t<span class=\"qodef-m-title-text\">\n\t\t\t\t\tSport\t\t\t\t<\/span>\n\t\t\t<\/span>\n\t\t\t<\/h5>\n\t\t\t<\/div>\n<\/div>\n\t\t<\/div>\n\t\t\t\t<\/div>\n\t\t\t\t<div class=\"elementor-element elementor-element-4b73beb elementor-widget elementor-widget-text-editor\" data-id=\"4b73beb\" data-element_type=\"widget\" data-widget_type=\"text-editor.default\">\n\t\t\t\t<div class=\"elementor-widget-container\">\n\t\t\t\t\t\t\t<p>Le plus grand espace sportif de la Versilia est sa mer: dans les eaux claires et bleues, il est possible de se baigner, de faire de la voile, du surf, de la planche \u00e0 voile et de la p\u00eache. Sur la plage, vous pouvez organiser des matchs de volley-ball. Vous pouvez aussi faire du kayak sur le lac. Il y a de nombreuses possibilit\u00e9s d&rsquo;\u00e9quitation \u00e0 l&rsquo;int\u00e9rieur des terres ou sur la plage. Le sport le plus pratiqu\u00e9 est le cyclisme: la Versilia offre des pistes de diff\u00e9rents niveaux de difficult\u00e9, des chemins plats le long de la c\u00f4te aux Alpes Apuanes avec leurs mont\u00e9es abruptes jusqu&rsquo;\u00e0 2045 m\u00e8tres de niveau de la mer. Les Alpes Apuanes sont un endroit unique et inoubliable pour faire de l&rsquo;escalade, \u00e9galement par le biais de via ferratas.<\/p>\t\t\t\t\t\t<\/div>\n\t\t\t\t<\/div>\n\t\t\t\t<div class=\"elementor-element elementor-element-a9a2a62 elementor-widget elementor-widget-kamperen_core_icon_with_text\" data-id=\"a9a2a62\" data-element_type=\"widget\" data-widget_type=\"kamperen_core_icon_with_text.default\">\n\t\t\t\t<div class=\"elementor-widget-container\">\n\t\t\t<div class=\"qodef-shortcode qodef-m  qodef-icon-with-text qodef-layout--before-title qodef--custom-svg \">\n\t<div class=\"qodef-m-content\">\n\t\t\t<div class=\"qodef-m-svg\">\n\t\t<svg xmlns=\"http:\/\/www.w3.org\/2000\/svg\" width=\"115.883\" height=\"86.629\" viewBox=\"0 0 115.883 86.629\">\n  <path id=\"activity_duck\" d=\"M57.5,218.575a8.065,8.065,0,0,0,3-.951,3.885,3.885,0,0,1,4.581.26,20.907,20.907,0,0,0,9.278,3.259c4.361.5,8.473.258,9.962-1.67s-.455-6.864.05-10.642,8.009-15.61,13.231-17.88c3.143,1.678,3.967,5.448,4.092,8.575.2,5.119-2.7,9.557-1.076,13.592a10.84,10.84,0,0,1-1.506,10.216c-1.14,1.788.453,2.333.931,2.751,2.149,1.264,10.162,5.193,12.774,5.629,2.872.48.136,3.193-1.56,3.283s-11.837.965-19.033-.4-16.864-6.574-18.533-8.037-5.008-3.806-6.659-4.166a25.506,25.506,0,0,0-2.55-.448,14.162,14.162,0,0,1-3.209-.026c-1.169-.2-4.1-.88-5.452-1.263-2.834-.8.6-1.947,1.678-2.082Zm56.526,20.7q1.189.279,2.365.605m.931.271c11.524,3.48,8.95,7.9-5.731,9.789-4.266.562-8.721,1.192-11.847,1.945-4.209.98-3.646,3.338-.285,4.35,6.073,1.921,18.132,3.333,26.847,5.116,12.955,2.654,14.636,7.6-1.033,10.058-15.8,2.487-91.833,10.488-101.752-2.776-4.772-6.382,4.018-9.625,9.915-12.58,8.106-4.034,2.543-6.026-2.061-9.539-3.909-2.98-3.787-5.9,4.37-7.972,5.387-1.367,13.495-2.111,22.616-2.389m2.285-.057c2.36-.051,4.775-.074,7.219-.068m2.691.015c1.471.015,2.948.028,4.42.053m.475,21.368c-2.032,2.294-7.219,2.294-9.253,0-2.032,2.294-7.219,2.294-9.251,0-2.034,2.294-7.221,2.294-9.253,0m18.1,6.241c-2.032,2.294-7.219,2.294-9.253,0C54.5,266,49.316,266,47.284,263.7c-2.035,2.294-7.221,2.294-9.253,0m28.353-12.482c-2.034,2.294-7.221,2.294-9.253,0M39.776,232.079a19.994,19.994,0,1,1,33.53-17.831\" transform=\"translate(-21.388 -190.201)\" fill=\"none\" stroke=\"#446851\" stroke-linecap=\"round\" stroke-linejoin=\"round\" stroke-miterlimit=\"22.926\" stroke-width=\"1.5\" fill-rule=\"evenodd\"\/>\n<\/svg>\n\t\t\t<\/div>\n\t\t\t<h5 class=\"qodef-m-title\" >\n\t\t\t\t\t<span class=\"qodef-m-title-inner\">\n\t\t\t\t<span class=\"qodef-m-title-text\">\n\t\t\t\t\tArt et culture\t\t\t\t<\/span>\n\t\t\t<\/span>\n\t\t\t<\/h5>\n\t\t\t<\/div>\n<\/div>\n\t\t<\/div>\n\t\t\t\t<\/div>\n\t\t\t\t\t<\/div>\n\t\t<\/div>\n\t\t\t\t\t\t\t<\/div>\n\t\t<\/section>\n\t\t\t\t<section class=\"elementor-section elementor-top-section elementor-element elementor-element-b5d086b elementor-section-boxed elementor-section-height-default elementor-section-height-default qodef-elementor-content-no\" data-id=\"b5d086b\" data-element_type=\"section\">\n\t\t\t\t\t\t<div class=\"elementor-container elementor-column-gap-default\">\n\t\t\t\t\t<div class=\"elementor-column elementor-col-100 elementor-top-column elementor-element elementor-element-14857c7\" data-id=\"14857c7\" data-element_type=\"column\">\n\t\t\t<div class=\"elementor-widget-wrap elementor-element-populated\">\n\t\t\t\t\t\t\t\t<div class=\"elementor-element elementor-element-9e5e844 elementor-widget elementor-widget-kamperen_core_section_title\" data-id=\"9e5e844\" data-element_type=\"widget\" data-widget_type=\"kamperen_core_section_title.default\">\n\t\t\t\t<div class=\"elementor-widget-container\">\n\t\t\t<div class=\"qodef-shortcode qodef-m  qodef-section-title qodef-alignment--center \">\n\t\t<div class=\"qodef-m-tagline-mark\" >\n\t\tVilles\t<\/div>\n\t\t<h2 class=\"qodef-m-title\" >\n\t\t\t\t\t\u00e0 visiter\t\t\t<\/h2>\n\t<\/div>\n\t\t<\/div>\n\t\t\t\t<\/div>\n\t\t\t\t\t<\/div>\n\t\t<\/div>\n\t\t\t\t\t\t\t<\/div>\n\t\t<\/section>\n\t\t\t\t<section class=\"elementor-section elementor-top-section elementor-element elementor-element-b13fb36 elementor-section-full_width qodef-elementor-content-grid elementor-section-content-bottom elementor-section-height-default elementor-section-height-default\" data-id=\"b13fb36\" data-element_type=\"section\">\n\t\t\t\t\t\t<div class=\"elementor-container elementor-column-gap-default\">\n\t\t\t\t\t<div class=\"elementor-column elementor-col-50 elementor-top-column elementor-element elementor-element-3d6f393\" data-id=\"3d6f393\" data-element_type=\"column\">\n\t\t\t<div class=\"elementor-widget-wrap elementor-element-populated\">\n\t\t\t\t\t\t\t\t<div class=\"elementor-element elementor-element-122b1d3 elementor-widget elementor-widget-image\" data-id=\"122b1d3\" data-element_type=\"widget\" data-widget_type=\"image.default\">\n\t\t\t\t<div class=\"elementor-widget-container\">\n\t\t\t<style>\/*! elementor - v3.6.6 - 08-06-2022 *\/\n.elementor-widget-image{text-align:center}.elementor-widget-image a{display:inline-block}.elementor-widget-image a img[src$=\".svg\"]{width:48px}.elementor-widget-image img{vertical-align:middle;display:inline-block}<\/style>\t\t\t\t\t\t\t\t\t\t\t\t<img loading=\"lazy\" decoding=\"async\" width=\"1707\" height=\"2560\" src=\"https:\/\/www.europacamp.it\/wp-content\/uploads\/2021\/11\/lucca-scaled.jpg\" class=\"attachment-full size-full\" alt=\"\" srcset=\"https:\/\/www.europacamp.it\/wp-content\/uploads\/2021\/11\/lucca-scaled.jpg 1707w, https:\/\/www.europacamp.it\/wp-content\/uploads\/2021\/11\/lucca-200x300.jpg 200w, https:\/\/www.europacamp.it\/wp-content\/uploads\/2021\/11\/lucca-683x1024.jpg 683w, https:\/\/www.europacamp.it\/wp-content\/uploads\/2021\/11\/lucca-768x1152.jpg 768w, https:\/\/www.europacamp.it\/wp-content\/uploads\/2021\/11\/lucca-1024x1536.jpg 1024w, https:\/\/www.europacamp.it\/wp-content\/uploads\/2021\/11\/lucca-1365x2048.jpg 1365w\" sizes=\"auto, (max-width: 1707px) 100vw, 1707px\" \/>\t\t\t\t\t\t\t\t\t\t\t\t\t\t\t<\/div>\n\t\t\t\t<\/div>\n\t\t\t\t\t<\/div>\n\t\t<\/div>\n\t\t\t\t<div class=\"elementor-column elementor-col-50 elementor-top-column elementor-element elementor-element-a7cb651\" data-id=\"a7cb651\" data-element_type=\"column\">\n\t\t\t<div class=\"elementor-widget-wrap elementor-element-populated\">\n\t\t\t\t\t\t\t\t<div class=\"elementor-element elementor-element-e6c5b4a elementor-widget elementor-widget-qi_addons_for_elementor_section_title\" data-id=\"e6c5b4a\" data-element_type=\"widget\" data-widget_type=\"qi_addons_for_elementor_section_title.default\">\n\t\t\t\t<div class=\"elementor-widget-container\">\n\t\t\t<div class=\"qodef-shortcode qodef-m  qodef-qi-section-title  qodef-decoration--italic  qodef-link--underline-draw qodef-subtitle-icon--left\">\n\t\t\t<h2 class=\"qodef-m-title\">\n\t\tLucques\t<\/h2>\n\t\t\t\t<h5 class=\"qodef-m-subtitle\">\n\t\tville tr\u00e8s riche du point de vue historique et\u00a0monumental entour\u00e9e et pr\u00e9serv\u00e9e par les remparts\u00a0\t\t\t<\/h5>\n\t\t\t<\/div>\n\t\t<\/div>\n\t\t\t\t<\/div>\n\t\t\t\t<div class=\"elementor-element elementor-element-c9ed451 elementor-widget elementor-widget-text-editor\" data-id=\"c9ed451\" data-element_type=\"widget\" data-widget_type=\"text-editor.default\">\n\t\t\t\t<div class=\"elementor-widget-container\">\n\t\t\t\t\t\t\t<p>Surnomm\u00e9e \u00abla ville aux 100 \u00e9glises\u00bb, pour le grand nombre d\u2019\u00e9difices religieux qui repr\u00e9sentent de merveilleux exemples de styles architecturaux italiens.<\/p><p><strong>Que voir \u00e0 Lucques?<br \/><\/strong>Les remparts, presque intactes, qui entourent la ville \u00e0 laquelle on peut acc\u00e9der gr\u00e2ce aux six portes; place de l\u2019Amphith\u00e9\u00e2tre, qui a \u00e9t\u00e9 \u00e9difi\u00e9e sur les restes d\u2019un ancien amphith\u00e9\u00e2tre romain; la Cath\u00e9drale de San Martino; la basilique San Frediano; la Place et l\u2019Eglise de San Michele; La Tour Guinigi tr\u00e8s originale car, sur son toit, se trouve un jardin suspendu avec ses ch\u00eanes, plant\u00e9s depuis des si\u00e8cles; la rue Via Fillungo pour une fr\u00e9n\u00e9sie de d\u00e9penses; Piazza Napoleone (aussi appel\u00e9e Piazza Grande), une grande place bord\u00e9e de caf\u00e9s et de restaurants.<br \/><strong>\u00c9v\u00e9nements<\/strong> Lucques accueille \u00e9galement plusieurs manifestations et \u00e9v\u00e8nements annuels qui attirent toujours des gens de partout, comme le Lucca Summer Festival: des concerts d\u2019artistes de renomm\u00e9e internationale animent diff\u00e9rents lieux de la ville. Un autre \u00e9v\u00e9nement de renom c\u2019est Lucca Comics &amp; Games: il s\u2019agit de la plus importante exposition internationale consacr\u00e9e \u00e0 la bande dessin\u00e9e en Italie, mais c\u2019est beaucoup plus car la ville enti\u00e8re devient une sorte de terre de dessin anim\u00e9, o\u00f9 des personnages c\u00e9l\u00e8bres et moins c\u00e9l\u00e8bres prennent vie, jeunes et moins jeunes, qui aiment se d\u00e9guiser (en fait, en cosplay) en costumes pour donner vie \u00e0 leurs personnages pr\u00e9f\u00e9r\u00e9s du monde de la bande dessin\u00e9e et du dessin anim\u00e9.<\/p>\t\t\t\t\t\t<\/div>\n\t\t\t\t<\/div>\n\t\t\t\t\t<\/div>\n\t\t<\/div>\n\t\t\t\t\t\t\t<\/div>\n\t\t<\/section>\n\t\t\t\t<section class=\"elementor-section elementor-top-section elementor-element elementor-element-19a90a9 elementor-section-full_width qodef-elementor-content-grid elementor-section-content-bottom elementor-section-height-default elementor-section-height-default\" data-id=\"19a90a9\" data-element_type=\"section\">\n\t\t\t\t\t\t<div class=\"elementor-container elementor-column-gap-default\">\n\t\t\t\t\t<div class=\"elementor-column elementor-col-100 elementor-top-column elementor-element elementor-element-b8cdae0\" data-id=\"b8cdae0\" data-element_type=\"column\">\n\t\t\t<div class=\"elementor-widget-wrap elementor-element-populated\">\n\t\t\t\t\t\t\t\t<div class=\"elementor-element elementor-element-c6ba0cc elementor-widget elementor-widget-text-editor\" data-id=\"c6ba0cc\" data-element_type=\"widget\" data-widget_type=\"text-editor.default\">\n\t\t\t\t<div class=\"elementor-widget-container\">\n\t\t\t\t\t\t\t<p><strong>Les sp\u00e9cialit\u00e9s locales<\/strong>: Parmi les d\u00e9lices que vous pouvez d\u00e9couvrir \u00e0 Lucques il y a les Tordelli, la soupe de c\u00e9r\u00e9ale avec des l\u00e9gumes, simple \u00e0 faire. A ne pas oublier: la Torta co\u2019 Becchi qu\u2019on peut manger sucr\u00e9e avec du chocolat ou bien sal\u00e9e farcie d\u2019herbes des champs ou avec de la bette. Le Buccellato: sucr\u00e9, aromatis\u00e9 avec de l&rsquo;anis et des raisins secs sultana. Comme le disent les habitants \u00abChi viene a Lucca e non mangia il buccellato \u00e8 come non ci fosse mai stato\u00bb (\u00abQui vient \u00e0 Lucques et ne mange pas de Buccellato ne peut pas dire qu&rsquo;il est venu ici\u00bb). Le cigare Toscano c\u2019est un autre sp\u00e9cialit\u00e9 de la ville de Lucques.<\/p>\t\t\t\t\t\t<\/div>\n\t\t\t\t<\/div>\n\t\t\t\t\t<\/div>\n\t\t<\/div>\n\t\t\t\t\t\t\t<\/div>\n\t\t<\/section>\n\t\t\t\t<section class=\"elementor-section elementor-top-section elementor-element elementor-element-fc08668 elementor-section-full_width qodef-elementor-content-grid elementor-section-content-bottom elementor-section-height-default elementor-section-height-default\" data-id=\"fc08668\" data-element_type=\"section\">\n\t\t\t\t\t\t<div class=\"elementor-container elementor-column-gap-default\">\n\t\t\t\t\t<div class=\"elementor-column elementor-col-50 elementor-top-column elementor-element elementor-element-d552ed3\" data-id=\"d552ed3\" data-element_type=\"column\">\n\t\t\t<div class=\"elementor-widget-wrap elementor-element-populated\">\n\t\t\t\t\t\t\t\t<div class=\"elementor-element elementor-element-c68127d elementor-widget elementor-widget-image\" data-id=\"c68127d\" data-element_type=\"widget\" data-widget_type=\"image.default\">\n\t\t\t\t<div class=\"elementor-widget-container\">\n\t\t\t\t\t\t\t\t\t\t\t\t\t\t\t<img loading=\"lazy\" decoding=\"async\" width=\"1813\" height=\"2560\" src=\"https:\/\/www.europacamp.it\/wp-content\/uploads\/2021\/11\/pisa-scaled.jpg\" class=\"attachment-full size-full\" alt=\"\" srcset=\"https:\/\/www.europacamp.it\/wp-content\/uploads\/2021\/11\/pisa-scaled.jpg 1813w, https:\/\/www.europacamp.it\/wp-content\/uploads\/2021\/11\/pisa-212x300.jpg 212w, https:\/\/www.europacamp.it\/wp-content\/uploads\/2021\/11\/pisa-725x1024.jpg 725w, https:\/\/www.europacamp.it\/wp-content\/uploads\/2021\/11\/pisa-768x1084.jpg 768w, https:\/\/www.europacamp.it\/wp-content\/uploads\/2021\/11\/pisa-1088x1536.jpg 1088w, https:\/\/www.europacamp.it\/wp-content\/uploads\/2021\/11\/pisa-1450x2048.jpg 1450w\" sizes=\"auto, (max-width: 1813px) 100vw, 1813px\" \/>\t\t\t\t\t\t\t\t\t\t\t\t\t\t\t<\/div>\n\t\t\t\t<\/div>\n\t\t\t\t\t<\/div>\n\t\t<\/div>\n\t\t\t\t<div class=\"elementor-column elementor-col-50 elementor-top-column elementor-element elementor-element-fdf35bd\" data-id=\"fdf35bd\" data-element_type=\"column\">\n\t\t\t<div class=\"elementor-widget-wrap elementor-element-populated\">\n\t\t\t\t\t\t\t\t<div class=\"elementor-element elementor-element-fd124b8 elementor-widget elementor-widget-qi_addons_for_elementor_section_title\" data-id=\"fd124b8\" data-element_type=\"widget\" data-widget_type=\"qi_addons_for_elementor_section_title.default\">\n\t\t\t\t<div class=\"elementor-widget-container\">\n\t\t\t<div class=\"qodef-shortcode qodef-m  qodef-qi-section-title  qodef-decoration--italic  qodef-link--underline-draw qodef-subtitle-icon--left\">\n\t\t\t<h2 class=\"qodef-m-title\">\n\t\tPise\t<\/h2>\n\t\t\t\t<h5 class=\"qodef-m-subtitle\">\n\t\tla ville avec la tour pench\u00e9e, patrimoine de l\u2019UNESCO\t\t\t<\/h5>\n\t\t\t<\/div>\n\t\t<\/div>\n\t\t\t\t<\/div>\n\t\t\t\t<div class=\"elementor-element elementor-element-282aac5 elementor-widget elementor-widget-text-editor\" data-id=\"282aac5\" data-element_type=\"widget\" data-widget_type=\"text-editor.default\">\n\t\t\t\t<div class=\"elementor-widget-container\">\n\t\t\t\t\t\t\t<p>Piazza dei Miracoli (Place des Miracles) c\u2019est entre les plus beaux places au monde et depuis 1987 est patrimoine de l\u2019UNESCO. Le mondialement connu \u201cLa tour pench\u00e9e de Pise\u201d est l&rsquo;un des objets les plus photographi\u00e9s au monde. La puissance maritime de Pise s&rsquo;accro\u00eet et atteint son apog\u00e9e au xie si\u00e8cle, p\u00e9riode dont date la r\u00e9putation d&rsquo;\u00eatre l&rsquo;une des quatre r\u00e9publiques maritimes d&rsquo;Italie.<\/p><p><strong>Que voir \u00e0 Pise<\/strong>? Piazza delle Vettovaglie; Santa Maria della Spina; le si\u00e8ge de la Scuola Normale dans la Piazza dei Cavalieri, les expositioins \u00e0 Palazzo Blu; \u00a0Piazza dei Miracoli avec la tour pench\u00e9e, le Baptist\u00e8re, le Camposanto Monumentale (cimiti\u00e8re monumental), la Cath\u00e9drale; \u00a0la promenade sur les remparts; le Mus\u00e8e des bateaux antiques (chez les Arsenali Medici).<\/p><p><strong>\u00c9v\u00e9nements<br \/><\/strong>Si vous \u00eates \u00e0 Pise \u00e0 la mi-juin, ne manquez pas le festival de San Ranieri, du nom du patron de la ville. Chaque ann\u00e9e, ce jour-l\u00e0, la ville se transforme en une mer de lumi\u00e8re brillante, illumin\u00e9e par des dizaines de milliers de lumi\u00e8res qui transforment les v\u00e9n\u00e9rables b\u00e2timents patriciens le long des rives de l&rsquo;Arno en une fascinante ar\u00e8ne \u00e9toil\u00e9e. Puis il ya: le Jeu du Pont et la R\u00e9gate des anciennes R\u00e9publiques Marines.<\/p><p><strong>Les sp\u00e9cialit\u00e9s locales<\/strong>: la\u00a0cuisine de Pise\u00a0est le r\u00e9sultat du juste m\u00e9lange entre traditions de terre et traditions de mer. Chaque aliment, cuits ou crus, chaque plat de la cuisine de Pise am\u00e9liore leur saveur si elle est accompagn\u00e9e par des vins rouges et blancs, ros\u00e9s ou aimable, produites sur le territoire, en particulier dans les zones montagneuses.<\/p>\t\t\t\t\t\t<\/div>\n\t\t\t\t<\/div>\n\t\t\t\t\t<\/div>\n\t\t<\/div>\n\t\t\t\t\t\t\t<\/div>\n\t\t<\/section>\n\t\t\t\t<section class=\"elementor-section elementor-top-section elementor-element elementor-element-ca9200c elementor-section-full_width qodef-elementor-content-grid elementor-section-content-bottom elementor-section-height-default elementor-section-height-default\" data-id=\"ca9200c\" data-element_type=\"section\">\n\t\t\t\t\t\t<div class=\"elementor-container elementor-column-gap-default\">\n\t\t\t\t\t<div class=\"elementor-column elementor-col-50 elementor-top-column elementor-element elementor-element-8520bd3\" data-id=\"8520bd3\" data-element_type=\"column\">\n\t\t\t<div class=\"elementor-widget-wrap elementor-element-populated\">\n\t\t\t\t\t\t\t\t<div class=\"elementor-element elementor-element-e8e88f4 elementor-widget elementor-widget-image\" data-id=\"e8e88f4\" data-element_type=\"widget\" data-widget_type=\"image.default\">\n\t\t\t\t<div class=\"elementor-widget-container\">\n\t\t\t\t\t\t\t\t\t\t\t\t\t\t\t<img loading=\"lazy\" decoding=\"async\" width=\"667\" height=\"1000\" src=\"https:\/\/www.europacamp.it\/wp-content\/uploads\/2021\/11\/pietrasanta.jpg\" class=\"attachment-full size-full\" alt=\"\" srcset=\"https:\/\/www.europacamp.it\/wp-content\/uploads\/2021\/11\/pietrasanta.jpg 667w, https:\/\/www.europacamp.it\/wp-content\/uploads\/2021\/11\/pietrasanta-200x300.jpg 200w\" sizes=\"auto, (max-width: 667px) 100vw, 667px\" \/>\t\t\t\t\t\t\t\t\t\t\t\t\t\t\t<\/div>\n\t\t\t\t<\/div>\n\t\t\t\t\t<\/div>\n\t\t<\/div>\n\t\t\t\t<div class=\"elementor-column elementor-col-50 elementor-top-column elementor-element elementor-element-f91c9d2\" data-id=\"f91c9d2\" data-element_type=\"column\">\n\t\t\t<div class=\"elementor-widget-wrap elementor-element-populated\">\n\t\t\t\t\t\t\t\t<div class=\"elementor-element elementor-element-99daad1 elementor-widget elementor-widget-qi_addons_for_elementor_section_title\" data-id=\"99daad1\" data-element_type=\"widget\" data-widget_type=\"qi_addons_for_elementor_section_title.default\">\n\t\t\t\t<div class=\"elementor-widget-container\">\n\t\t\t<div class=\"qodef-shortcode qodef-m  qodef-qi-section-title  qodef-decoration--italic  qodef-link--underline-draw qodef-subtitle-icon--left\">\n\t\t\t<h2 class=\"qodef-m-title\">\n\t\tPietrasanta\t<\/h2>\n\t\t\t\t<h5 class=\"qodef-m-subtitle\">\n\t\tentre les Alpes Apuanes et la mer decouvrez le Parc International de la sculpture contemporaine\t\t\t<\/h5>\n\t\t\t<\/div>\n\t\t<\/div>\n\t\t\t\t<\/div>\n\t\t\t\t<div class=\"elementor-element elementor-element-066664c elementor-widget elementor-widget-text-editor\" data-id=\"066664c\" data-element_type=\"widget\" data-widget_type=\"text-editor.default\">\n\t\t\t\t<div class=\"elementor-widget-container\">\n\t\t\t\t\t\t\t<p>Une des villes les plus importantes de la Versilia se pr\u00e9sente aux yeux des visiteurs comme un \u00e9crin plein de tr\u00e9sors artistiques, culturels et historiques. Gr\u00e2ce au lien \u00e9tabli avec l\u2019art dans toutes ses formes et nuances Pietrasanta est depuis longtemps surnomm\u00e9 \u00ab\u00a0La Petite Ath\u00e8nes\u00a0\u00bb. Pietrasanta est essentiellement une grande galerie d&rsquo;art \u00e0 ciel ouvert et poss\u00e8de un assez grand nombre de magnifiques sculptures. La ville a \u00e9t\u00e9 la maison et le lieu de travail d&rsquo;artistes c\u00e9l\u00e8bres tels que Mitoraj et Botero.<\/p><p><strong>Que voir \u00e0 Pietrasanta?<\/strong> Le Duomo di San Martino dans la place Duomo; le Th\u00e9\u00e2tre Comunale; l\u2019Eglise de Sant\u2019Agostino, aujourd\u2019hui le Mus\u00e9e des Bozzetti Pierluigi Gherardi (une collection de 700 esquisses de pl\u00e2tre des artistes italiens et \u00e9trangers); l\u2019Eglise de San Francesco, avec le couvent. Tip: se promener dans le centre historique de la ville entre galerie d\u2019art, boutiques, bar \u00e0 vin, \u00e9l\u00e8gant restaurants.<\/p><p><strong>\u00c9v\u00e9nements<br \/><\/strong>Trois festivals importants marquent la belle saison : le Festival Versiliana, Pietrasanta in concerto, un festival de musique de chambre, dans le clo\u00eetre de S. Agostino, Piazza Duomo et DAP &#8211; Danza in arte a Pietrasanta, qui \u00e9tablit un lien indissoluble entre art, musique et danse. La Foire de San Martino Sapori d&rsquo;Autunno qui donne rendezvous, aux alentours du 11 Novembre, avec les produits typiques et les d\u00e9gustations.<\/p><p><strong>Les sp\u00e9cialit\u00e9s locales<\/strong>:<br \/>Certaines sp\u00e9cialit\u00e9s sont typiques de la tradition gastronomique de la r\u00e9gion, des plats aux origines antiques et aux saveurs fortes, li\u00e9s \u00e0 la vie rurale et au dur travail du marbre. Tout d&rsquo;abord, les tordelli, de gros raviolis faits rigoureusement \u00e0 la main, farcis de viande et de bettes, assaisonn\u00e9s de rag\u00f9.<\/p>\t\t\t\t\t\t<\/div>\n\t\t\t\t<\/div>\n\t\t\t\t\t<\/div>\n\t\t<\/div>\n\t\t\t\t\t\t\t<\/div>\n\t\t<\/section>\n\t\t\t\t<section class=\"elementor-section elementor-top-section elementor-element elementor-element-01a6c11 elementor-section-full_width qodef-elementor-content-grid elementor-section-content-bottom elementor-section-height-default elementor-section-height-default\" data-id=\"01a6c11\" data-element_type=\"section\">\n\t\t\t\t\t\t<div class=\"elementor-container elementor-column-gap-default\">\n\t\t\t\t\t<div class=\"elementor-column elementor-col-50 elementor-top-column elementor-element elementor-element-d11e622\" data-id=\"d11e622\" data-element_type=\"column\">\n\t\t\t<div class=\"elementor-widget-wrap elementor-element-populated\">\n\t\t\t\t\t\t\t\t<div class=\"elementor-element elementor-element-c3cf071 elementor-widget elementor-widget-image\" data-id=\"c3cf071\" data-element_type=\"widget\" data-widget_type=\"image.default\">\n\t\t\t\t<div class=\"elementor-widget-container\">\n\t\t\t\t\t\t\t\t\t\t\t\t\t\t\t<img loading=\"lazy\" decoding=\"async\" width=\"667\" height=\"1000\" src=\"https:\/\/www.europacamp.it\/wp-content\/uploads\/2021\/11\/carrara.jpg\" class=\"attachment-full size-full\" alt=\"\" srcset=\"https:\/\/www.europacamp.it\/wp-content\/uploads\/2021\/11\/carrara.jpg 667w, https:\/\/www.europacamp.it\/wp-content\/uploads\/2021\/11\/carrara-200x300.jpg 200w\" sizes=\"auto, (max-width: 667px) 100vw, 667px\" \/>\t\t\t\t\t\t\t\t\t\t\t\t\t\t\t<\/div>\n\t\t\t\t<\/div>\n\t\t\t\t\t<\/div>\n\t\t<\/div>\n\t\t\t\t<div class=\"elementor-column elementor-col-50 elementor-top-column elementor-element elementor-element-4fb4e9c\" data-id=\"4fb4e9c\" data-element_type=\"column\">\n\t\t\t<div class=\"elementor-widget-wrap elementor-element-populated\">\n\t\t\t\t\t\t\t\t<div class=\"elementor-element elementor-element-573d113 elementor-widget elementor-widget-qi_addons_for_elementor_section_title\" data-id=\"573d113\" data-element_type=\"widget\" data-widget_type=\"qi_addons_for_elementor_section_title.default\">\n\t\t\t\t<div class=\"elementor-widget-container\">\n\t\t\t<div class=\"qodef-shortcode qodef-m  qodef-qi-section-title  qodef-decoration--italic  qodef-link--underline-draw qodef-subtitle-icon--left\">\n\t\t\t<h2 class=\"qodef-m-title\">\n\t\tCarrara\t<\/h2>\n\t\t\t\t<h5 class=\"qodef-m-subtitle\">\n\t\ta ville situ\u00e9e entre la mer et les Alpes Apuanes, pays de l\u2019or blanc d\u2019Italie.\t\t\t<\/h5>\n\t\t\t<\/div>\n\t\t<\/div>\n\t\t\t\t<\/div>\n\t\t\t\t<div class=\"elementor-element elementor-element-ca6513f elementor-widget elementor-widget-text-editor\" data-id=\"ca6513f\" data-element_type=\"widget\" data-widget_type=\"text-editor.default\">\n\t\t\t\t<div class=\"elementor-widget-container\">\n\t\t\t\t\t\t\t<p>Situ\u00e9e au Nord de la\u00a0Toscane, la ville de\u00a0Carrare\u00a0donne sur la mer Ligure\u00a0avec, \u00e0 l&rsquo;arri\u00e8re-plan, le massif\u00a0montagneux des\u00a0Alpes Apuanes. La ville se fondre avec les\u00a0Alpes, en\u00a0donnant vie \u00e0 une succession de paysages changeants et fascinants, domin\u00e9s par les silhouettes des montagnes blanches et le marbre\u00a0des carri\u00e8res, qui a fait l\u2019histoire et la popularit\u00e9 de ce lieu\u00a0unique. \u00a0Encore aujourd\u2019hui la ville, comme\u00a0toute la province de\u00a0Massa-Carrara, sont tr\u00e8s appr\u00e9ci\u00e9es pour l\u2019extraction du \u00ab\u00a0tr\u00e9sor blanc\u00a0\u00bb.<br \/>Tout, \u00e0 Carrare, semble \u00ab\u00a0parler\u00a0\u00bb de son c\u00e9l\u00e8bre marbre.<\/p><p><strong>Que voir \u00e0 Carrara?<br \/><\/strong>Le coeur ancien de la ville c\u2019est Collegiata di Sant\u2019Andrea, devenue la Cath\u00e9drale; Piazza Duomo, le centre anim\u00e9 de la ville; le ch\u00e2teau-fort Malaspina; le Sanctuaire de la Madonna delle Grazie; l\u2019Eglise del Carmine; le Mus\u00e9e Civico del Marmo; le Centre Arti Plastiche de Carrara (art contemporain); \u00a0Carmi &#8211; le Mus\u00e9e de Carrara et de Michelangelo.<\/p><p><strong>\u00c9v\u00e9nements<\/strong><br \/>Au mois d\u2019ao\u00fbt, dans le cadre unique et somptueux des carri\u00e8res de marbre, il est possible d\u2019assister \u00e0 la Reconstruction Historique de la Lizzatura, l\u2019ancienne m\u00e9thode pour transporter les blocs de marbre, qui \u00e9taient gliss\u00e9s sur des morceaux de bois savonn\u00e9s, et ensuite transport\u00e9s vers l\u2019aval par des b\u0153ufs.<\/p>\t\t\t\t\t\t<\/div>\n\t\t\t\t<\/div>\n\t\t\t\t\t<\/div>\n\t\t<\/div>\n\t\t\t\t\t\t\t<\/div>\n\t\t<\/section>\n\t\t\t\t<section class=\"elementor-section elementor-top-section elementor-element elementor-element-d9cdc78 elementor-section-full_width qodef-elementor-content-grid elementor-section-content-bottom elementor-section-height-default elementor-section-height-default\" data-id=\"d9cdc78\" data-element_type=\"section\">\n\t\t\t\t\t\t<div class=\"elementor-container elementor-column-gap-default\">\n\t\t\t\t\t<div class=\"elementor-column elementor-col-100 elementor-top-column elementor-element elementor-element-e1ca79f\" data-id=\"e1ca79f\" data-element_type=\"column\">\n\t\t\t<div class=\"elementor-widget-wrap elementor-element-populated\">\n\t\t\t\t\t\t\t\t<div class=\"elementor-element elementor-element-7241009 elementor-widget elementor-widget-text-editor\" data-id=\"7241009\" data-element_type=\"widget\" data-widget_type=\"text-editor.default\">\n\t\t\t\t<div class=\"elementor-widget-container\">\n\t\t\t\t\t\t\t<p><strong>Les sp\u00e9cialit\u00e9s locales<\/strong>:<br \/>La production d&rsquo;un des produits de la\u00a0gastronomie\u00a0locale\u00a0les plus connus au monde est \u00e9galement li\u00e9e au marbre. Il s\u2019agit du c\u00e9l\u00e8bre\u00a0lardo di Colonnata\u00a0(lard de Colonnata). Ce d\u00e9lice authentique a pris son\u00a0nom du lieu o\u00f9 il repose pendant sa p\u00e9riode d\u2019affinage: Colonnata, un tout petit bourg de carriers situ\u00e9 sur les\u00a0Alpes\u00a0Apuanes, \u00e0 environ 8 km de Carrare, entour\u00e9 de carri\u00e8res de marbre d\u2019une beaut\u00e9 incomparable. Le lard est obtenu \u00e0 partir de la couche\u00a0adipeuse qui recouvre le\u00a0dos du porc. A Colonnata, il est trait\u00e9\u00a0avec des herbes aromatiques et puis laiss\u00e9 s\u00e9cher (pendant un p\u00e9riode allant de 3 \u00e0 10 mois), dans des vasques de marbre, pr\u00e9c\u00e9demment frott\u00e9es avec de l\u2019ail.\u00a0<\/p>\t\t\t\t\t\t<\/div>\n\t\t\t\t<\/div>\n\t\t\t\t\t<\/div>\n\t\t<\/div>\n\t\t\t\t\t\t\t<\/div>\n\t\t<\/section>\n\t\t\t\t\t\t\t<\/div>\n\t\t","protected":false},"excerpt":{"rendered":"<p>Aux alentours Activit\u00e9s \u00e0 pied, \u00e0 la mer et \u00e0 v\u00e9lo en Toscane Nature LacLe Lac de Massaciuccoli fait partie du parc naturel de Migliarino-San Rossore-Massaciuccoli. Un chemin sur pilotis pour le birdwatching, mais aussi la possibilit\u00e9 de d\u00e9couvrir le lac en bateau ou en kayak.Il ya aussi un centre pour le visiteurs, qui abrite [&hellip;]<\/p>\n","protected":false},"author":1,"featured_media":0,"parent":0,"menu_order":0,"comment_status":"closed","ping_status":"closed","template":"page-full-width.php","meta":{"footnotes":""},"class_list":["post-10114","page","type-page","status-publish","hentry"],"yoast_head":"<!-- This site is optimized with the Yoast SEO plugin v26.8 - https:\/\/yoast.com\/product\/yoast-seo-wordpress\/ -->\n<title>Aux alentours &#8211; Camping Europa<\/title>\n<meta name=\"description\" content=\"Aux alentours Activit\u00e9s \u00e0 pied, \u00e0 la mer et \u00e0 v\u00e9lo en Toscane Nature LacLe Lac de Massaciuccoli fait partie du parc naturel de Migliarino-San\" \/>\n<meta name=\"robots\" content=\"index, follow, max-snippet:-1, max-image-preview:large, max-video-preview:-1\" \/>\n<link rel=\"canonical\" href=\"https:\/\/www.europacamp.it\/nei-dintorni\/\" \/>\n<meta property=\"og:locale\" content=\"fr_FR\" \/>\n<meta property=\"og:type\" content=\"article\" \/>\n<meta property=\"og:title\" content=\"Aux alentours &#8211; Camping Europa\" \/>\n<meta property=\"og:description\" content=\"Aux alentours Activit\u00e9s \u00e0 pied, \u00e0 la mer et \u00e0 v\u00e9lo en Toscane Nature LacLe Lac de Massaciuccoli fait partie du parc naturel de Migliarino-San\" \/>\n<meta property=\"og:url\" content=\"https:\/\/www.europacamp.it\/nei-dintorni\/\" \/>\n<meta property=\"og:site_name\" content=\"Camping Europa\" \/>\n<meta property=\"article:publisher\" content=\"https:\/\/www.facebook.com\/europacamp\/\" \/>\n<meta property=\"article:modified_time\" content=\"2022-06-10T10:51:58+00:00\" \/>\n<meta property=\"og:image\" content=\"https:\/\/www.europacamp.it\/wp-content\/uploads\/2021\/11\/lucca-scaled.jpg\" \/>\n<meta name=\"twitter:card\" content=\"summary_large_image\" \/>\n<meta name=\"twitter:label1\" content=\"Dur\u00e9e de lecture estim\u00e9e\" \/>\n\t<meta name=\"twitter:data1\" content=\"9 minutes\" \/>\n<script type=\"application\/ld+json\" class=\"yoast-schema-graph\">{\"@context\":\"https:\/\/schema.org\",\"@graph\":[{\"@type\":\"WebPage\",\"@id\":\"https:\/\/www.europacamp.it\/nei-dintorni\/\",\"url\":\"https:\/\/www.europacamp.it\/nei-dintorni\/\",\"name\":\"Aux alentours &#8211; Camping Europa\",\"isPartOf\":{\"@id\":\"https:\/\/www.europacamp.it\/#website\"},\"primaryImageOfPage\":{\"@id\":\"https:\/\/www.europacamp.it\/nei-dintorni\/#primaryimage\"},\"image\":{\"@id\":\"https:\/\/www.europacamp.it\/nei-dintorni\/#primaryimage\"},\"thumbnailUrl\":\"https:\/\/www.europacamp.it\/wp-content\/uploads\/2021\/11\/lucca-scaled.jpg\",\"datePublished\":\"2021-11-22T13:42:11+00:00\",\"dateModified\":\"2022-06-10T10:51:58+00:00\",\"description\":\"Aux alentours Activit\u00e9s \u00e0 pied, \u00e0 la mer et \u00e0 v\u00e9lo en Toscane Nature LacLe Lac de Massaciuccoli fait partie du parc naturel de Migliarino-San\",\"breadcrumb\":{\"@id\":\"https:\/\/www.europacamp.it\/nei-dintorni\/#breadcrumb\"},\"inLanguage\":\"fr-FR\",\"potentialAction\":[{\"@type\":\"ReadAction\",\"target\":[\"https:\/\/www.europacamp.it\/nei-dintorni\/\"]}]},{\"@type\":\"ImageObject\",\"inLanguage\":\"fr-FR\",\"@id\":\"https:\/\/www.europacamp.it\/nei-dintorni\/#primaryimage\",\"url\":\"https:\/\/www.europacamp.it\/wp-content\/uploads\/2021\/11\/lucca-scaled.jpg\",\"contentUrl\":\"https:\/\/www.europacamp.it\/wp-content\/uploads\/2021\/11\/lucca-scaled.jpg\"},{\"@type\":\"BreadcrumbList\",\"@id\":\"https:\/\/www.europacamp.it\/nei-dintorni\/#breadcrumb\",\"itemListElement\":[{\"@type\":\"ListItem\",\"position\":1,\"name\":\"Home\",\"item\":\"https:\/\/www.europacamp.it\/fr\/\"},{\"@type\":\"ListItem\",\"position\":2,\"name\":\"Aux alentours\"}]},{\"@type\":\"WebSite\",\"@id\":\"https:\/\/www.europacamp.it\/#website\",\"url\":\"https:\/\/www.europacamp.it\/\",\"name\":\"Camping Europa\",\"description\":\"Camping au bord de la mer en Toscane, Italie\",\"publisher\":{\"@id\":\"https:\/\/www.europacamp.it\/#organization\"},\"potentialAction\":[{\"@type\":\"SearchAction\",\"target\":{\"@type\":\"EntryPoint\",\"urlTemplate\":\"https:\/\/www.europacamp.it\/?s={search_term_string}\"},\"query-input\":{\"@type\":\"PropertyValueSpecification\",\"valueRequired\":true,\"valueName\":\"search_term_string\"}}],\"inLanguage\":\"fr-FR\"},{\"@type\":\"Organization\",\"@id\":\"https:\/\/www.europacamp.it\/#organization\",\"name\":\"Camping Europa\",\"url\":\"https:\/\/www.europacamp.it\/\",\"logo\":{\"@type\":\"ImageObject\",\"inLanguage\":\"fr-FR\",\"@id\":\"https:\/\/www.europacamp.it\/#\/schema\/logo\/image\/\",\"url\":\"https:\/\/www.europacamp.it\/wp-content\/uploads\/2021\/11\/logo_camping.png\",\"contentUrl\":\"https:\/\/www.europacamp.it\/wp-content\/uploads\/2021\/11\/logo_camping.png\",\"width\":345,\"height\":80,\"caption\":\"Camping Europa\"},\"image\":{\"@id\":\"https:\/\/www.europacamp.it\/#\/schema\/logo\/image\/\"},\"sameAs\":[\"https:\/\/www.facebook.com\/europacamp\/\"]}]}<\/script>\n<!-- \/ Yoast SEO plugin. -->","yoast_head_json":{"title":"Aux alentours &#8211; Camping Europa","description":"Aux alentours Activit\u00e9s \u00e0 pied, \u00e0 la mer et \u00e0 v\u00e9lo en Toscane Nature LacLe Lac de Massaciuccoli fait partie du parc naturel de Migliarino-San","robots":{"index":"index","follow":"follow","max-snippet":"max-snippet:-1","max-image-preview":"max-image-preview:large","max-video-preview":"max-video-preview:-1"},"canonical":"https:\/\/www.europacamp.it\/nei-dintorni\/","og_locale":"fr_FR","og_type":"article","og_title":"Aux alentours &#8211; Camping Europa","og_description":"Aux alentours Activit\u00e9s \u00e0 pied, \u00e0 la mer et \u00e0 v\u00e9lo en Toscane Nature LacLe Lac de Massaciuccoli fait partie du parc naturel de Migliarino-San","og_url":"https:\/\/www.europacamp.it\/nei-dintorni\/","og_site_name":"Camping Europa","article_publisher":"https:\/\/www.facebook.com\/europacamp\/","article_modified_time":"2022-06-10T10:51:58+00:00","og_image":[{"url":"https:\/\/www.europacamp.it\/wp-content\/uploads\/2021\/11\/lucca-scaled.jpg","type":"","width":"","height":""}],"twitter_card":"summary_large_image","twitter_misc":{"Dur\u00e9e de lecture estim\u00e9e":"9 minutes"},"schema":{"@context":"https:\/\/schema.org","@graph":[{"@type":"WebPage","@id":"https:\/\/www.europacamp.it\/nei-dintorni\/","url":"https:\/\/www.europacamp.it\/nei-dintorni\/","name":"Aux alentours &#8211; Camping Europa","isPartOf":{"@id":"https:\/\/www.europacamp.it\/#website"},"primaryImageOfPage":{"@id":"https:\/\/www.europacamp.it\/nei-dintorni\/#primaryimage"},"image":{"@id":"https:\/\/www.europacamp.it\/nei-dintorni\/#primaryimage"},"thumbnailUrl":"https:\/\/www.europacamp.it\/wp-content\/uploads\/2021\/11\/lucca-scaled.jpg","datePublished":"2021-11-22T13:42:11+00:00","dateModified":"2022-06-10T10:51:58+00:00","description":"Aux alentours Activit\u00e9s \u00e0 pied, \u00e0 la mer et \u00e0 v\u00e9lo en Toscane Nature LacLe Lac de Massaciuccoli fait partie du parc naturel de Migliarino-San","breadcrumb":{"@id":"https:\/\/www.europacamp.it\/nei-dintorni\/#breadcrumb"},"inLanguage":"fr-FR","potentialAction":[{"@type":"ReadAction","target":["https:\/\/www.europacamp.it\/nei-dintorni\/"]}]},{"@type":"ImageObject","inLanguage":"fr-FR","@id":"https:\/\/www.europacamp.it\/nei-dintorni\/#primaryimage","url":"https:\/\/www.europacamp.it\/wp-content\/uploads\/2021\/11\/lucca-scaled.jpg","contentUrl":"https:\/\/www.europacamp.it\/wp-content\/uploads\/2021\/11\/lucca-scaled.jpg"},{"@type":"BreadcrumbList","@id":"https:\/\/www.europacamp.it\/nei-dintorni\/#breadcrumb","itemListElement":[{"@type":"ListItem","position":1,"name":"Home","item":"https:\/\/www.europacamp.it\/fr\/"},{"@type":"ListItem","position":2,"name":"Aux alentours"}]},{"@type":"WebSite","@id":"https:\/\/www.europacamp.it\/#website","url":"https:\/\/www.europacamp.it\/","name":"Camping Europa","description":"Camping au bord de la mer en Toscane, Italie","publisher":{"@id":"https:\/\/www.europacamp.it\/#organization"},"potentialAction":[{"@type":"SearchAction","target":{"@type":"EntryPoint","urlTemplate":"https:\/\/www.europacamp.it\/?s={search_term_string}"},"query-input":{"@type":"PropertyValueSpecification","valueRequired":true,"valueName":"search_term_string"}}],"inLanguage":"fr-FR"},{"@type":"Organization","@id":"https:\/\/www.europacamp.it\/#organization","name":"Camping Europa","url":"https:\/\/www.europacamp.it\/","logo":{"@type":"ImageObject","inLanguage":"fr-FR","@id":"https:\/\/www.europacamp.it\/#\/schema\/logo\/image\/","url":"https:\/\/www.europacamp.it\/wp-content\/uploads\/2021\/11\/logo_camping.png","contentUrl":"https:\/\/www.europacamp.it\/wp-content\/uploads\/2021\/11\/logo_camping.png","width":345,"height":80,"caption":"Camping Europa"},"image":{"@id":"https:\/\/www.europacamp.it\/#\/schema\/logo\/image\/"},"sameAs":["https:\/\/www.facebook.com\/europacamp\/"]}]}},"_links":{"self":[{"href":"https:\/\/www.europacamp.it\/fr\/wp-json\/wp\/v2\/pages\/10114","targetHints":{"allow":["GET"]}}],"collection":[{"href":"https:\/\/www.europacamp.it\/fr\/wp-json\/wp\/v2\/pages"}],"about":[{"href":"https:\/\/www.europacamp.it\/fr\/wp-json\/wp\/v2\/types\/page"}],"author":[{"embeddable":true,"href":"https:\/\/www.europacamp.it\/fr\/wp-json\/wp\/v2\/users\/1"}],"replies":[{"embeddable":true,"href":"https:\/\/www.europacamp.it\/fr\/wp-json\/wp\/v2\/comments?post=10114"}],"version-history":[{"count":23,"href":"https:\/\/www.europacamp.it\/fr\/wp-json\/wp\/v2\/pages\/10114\/revisions"}],"predecessor-version":[{"id":12844,"href":"https:\/\/www.europacamp.it\/fr\/wp-json\/wp\/v2\/pages\/10114\/revisions\/12844"}],"wp:attachment":[{"href":"https:\/\/www.europacamp.it\/fr\/wp-json\/wp\/v2\/media?parent=10114"}],"curies":[{"name":"wp","href":"https:\/\/api.w.org\/{rel}","templated":true}]}}